{"version":"1.0","provider_name":"Recettes d\u00e9licieuses","provider_url":"https:\/\/www.gzrecipes.com\/fr","author_name":"cucinamica","author_url":"https:\/\/www.gzrecipes.com\/fr\/author\/cucinamica\/","title":"P\u00e2tes cr\u00e9meuses aux f\u00e8ves et au thon - Recettes d\u00e9licieuses","type":"rich","width":600,"height":338,"html":"<blockquote class=\"wp-embedded-content\" data-secret=\"Sf8Fm33f0A\"><a href=\"https:\/\/www.gzrecipes.com\/fr\/cucinamica\/pates-cremeuses-aux-feves-et-au-thon\/\">P\u00e2tes cr\u00e9meuses aux f\u00e8ves et au thon<\/a><\/blockquote><iframe sandbox=\"allow-scripts\" security=\"restricted\" src=\"https:\/\/www.gzrecipes.com\/fr\/cucinamica\/pates-cremeuses-aux-feves-et-au-thon\/embed\/#?secret=Sf8Fm33f0A\" width=\"600\" height=\"338\" title=\"\u00ab\u00a0P\u00e2tes cr\u00e9meuses aux f\u00e8ves et au thon\u00a0\u00bb &#8212; Recettes d\u00e9licieuses\" data-secret=\"Sf8Fm33f0A\" frameborder=\"0\" marginwidth=\"0\" marginheight=\"0\" scrolling=\"no\" class=\"wp-embedded-content\"><\/iframe><script>\n\/*! This file is auto-generated *\/\n!function(d,l){\"use strict\";l.querySelector&&d.addEventListener&&\"undefined\"!=typeof URL&&(d.wp=d.wp||{},d.wp.receiveEmbedMessage||(d.wp.receiveEmbedMessage=function(e){var t=e.data;if((t||t.secret||t.message||t.value)&&!\/[^a-zA-Z0-9]\/.test(t.secret)){for(var s,r,n,a=l.querySelectorAll('iframe[data-secret=\"'+t.secret+'\"]'),o=l.querySelectorAll('blockquote[data-secret=\"'+t.secret+'\"]'),c=new RegExp(\"^https?:$\",\"i\"),i=0;i<o.length;i++)o[i].style.display=\"none\";for(i=0;i<a.length;i++)s=a[i],e.source===s.contentWindow&&(s.removeAttribute(\"style\"),\"height\"===t.message?(1e3<(r=parseInt(t.value,10))?r=1e3:~~r<200&&(r=200),s.height=r):\"link\"===t.message&&(r=new URL(s.getAttribute(\"src\")),n=new URL(t.value),c.test(n.protocol))&&n.host===r.host&&l.activeElement===s&&(d.top.location.href=t.value))}},d.addEventListener(\"message\",d.wp.receiveEmbedMessage,!1),l.addEventListener(\"DOMContentLoaded\",function(){for(var e,t,s=l.querySelectorAll(\"iframe.wp-embedded-content\"),r=0;r<s.length;r++)(t=(e=s[r]).getAttribute(\"data-secret\"))||(t=Math.random().toString(36).substring(2,12),e.src+=\"#?secret=\"+t,e.setAttribute(\"data-secret\",t)),e.contentWindow.postMessage({message:\"ready\",secret:t},\"*\")},!1)))}(window,document);\n<\/script>\n","description":"Aujourd\u2019hui dans le potager de mes parents sont apparues les premi\u00e8res f\u00e8ves fra\u00eeches, celles qui annoncent vraiment le printemps chaque ann\u00e9e. Je les adore depuis toujours : petite, je les mangeais m\u00eame crues, juste sorties de leur cosse, car elles ont ce go\u00fbt sucr\u00e9 et croquant qui me fait craquer. Et je te dirai\u2026 j\u2019ai m\u00eame r\u00e9ussi \u00e0 en faire manger \u00e0 Samuele, qui n\u2019a jamais \u00e9t\u00e9 tr\u00e8s fan des l\u00e9gumes. \ud83d\ude02"}