{"version":"1.0","provider_name":"Recettes d\u00e9licieuses","provider_url":"https:\/\/www.gzrecipes.com\/fr","author_name":"loscrignodelbuongusto","author_url":"https:\/\/www.gzrecipes.com\/fr\/author\/loscrignodelbuongusto\/","title":"G\u00e2teau sec des Marches - Recettes d\u00e9licieuses","type":"rich","width":600,"height":338,"html":"<blockquote class=\"wp-embedded-content\" data-secret=\"i13VrJuxyV\"><a href=\"https:\/\/www.gzrecipes.com\/fr\/loscrignodelbuongusto\/gateau-sec-des-marches\/\">G\u00e2teau sec des Marches<\/a><\/blockquote><iframe sandbox=\"allow-scripts\" security=\"restricted\" src=\"https:\/\/www.gzrecipes.com\/fr\/loscrignodelbuongusto\/gateau-sec-des-marches\/embed\/#?secret=i13VrJuxyV\" width=\"600\" height=\"338\" title=\"\u00ab\u00a0G\u00e2teau sec des Marches\u00a0\u00bb &#8212; Recettes d\u00e9licieuses\" data-secret=\"i13VrJuxyV\" frameborder=\"0\" marginwidth=\"0\" marginheight=\"0\" scrolling=\"no\" class=\"wp-embedded-content\"><\/iframe><script>\n\/*! This file is auto-generated *\/\n!function(d,l){\"use strict\";l.querySelector&&d.addEventListener&&\"undefined\"!=typeof URL&&(d.wp=d.wp||{},d.wp.receiveEmbedMessage||(d.wp.receiveEmbedMessage=function(e){var t=e.data;if((t||t.secret||t.message||t.value)&&!\/[^a-zA-Z0-9]\/.test(t.secret)){for(var s,r,n,a=l.querySelectorAll('iframe[data-secret=\"'+t.secret+'\"]'),o=l.querySelectorAll('blockquote[data-secret=\"'+t.secret+'\"]'),c=new RegExp(\"^https?:$\",\"i\"),i=0;i<o.length;i++)o[i].style.display=\"none\";for(i=0;i<a.length;i++)s=a[i],e.source===s.contentWindow&&(s.removeAttribute(\"style\"),\"height\"===t.message?(1e3<(r=parseInt(t.value,10))?r=1e3:~~r<200&&(r=200),s.height=r):\"link\"===t.message&&(r=new URL(s.getAttribute(\"src\")),n=new URL(t.value),c.test(n.protocol))&&n.host===r.host&&l.activeElement===s&&(d.top.location.href=t.value))}},d.addEventListener(\"message\",d.wp.receiveEmbedMessage,!1),l.addEventListener(\"DOMContentLoaded\",function(){for(var e,t,s=l.querySelectorAll(\"iframe.wp-embedded-content\"),r=0;r<s.length;r++)(t=(e=s[r]).getAttribute(\"data-secret\"))||(t=Math.random().toString(36).substring(2,12),e.src+=\"#?secret=\"+t,e.setAttribute(\"data-secret\",t)),e.contentWindow.postMessage({message:\"ready\",secret:t},\"*\")},!1)))}(window,document);\n<\/script>\n","thumbnail_url":"https:\/\/www.gzrecipes.com\/content\/uploads\/sites\/4\/2025\/12\/14-7-69380728a4b651-35945220.jpg","thumbnail_width":1553,"thumbnail_height":800,"description":"Le g\u00e2teau sec des Marches est l'une de ces recettes que j'ai essay\u00e9es gr\u00e2ce \u00e0 la recette d'une connaissance et j'en suis tomb\u00e9e amoureuse\u2026\u2026une recette fantastique. Un dessert rustique, tr\u00e8s ancien et traditionnel des Marches\u2026 g\u00e9n\u00e9ralement il est d'usage de le pr\u00e9parer le dimanche et on en pr\u00e9pare m\u00eame une quantit\u00e9 plus grande que celle que je vous propose, car dans les Marches on le pr\u00e9pare le dimanche mais il doit suffire pour toute la semaine. Autrefois, les grand-m\u00e8res de cette r\u00e9gion avaient l'habitude d'aller cuire ce g\u00e2teau typique dans le four \u00e0 bois du village. Je sais qu'il en existe plusieurs petites versions de cette recette, mais je vous propose celle que je connais. On peut le garnir de Nutella, de cr\u00e8me au chocolat, de confiture, peut-\u00eatre m\u00eame de raisins secs\u2026 enfin, vous pouvez vous amuser. Pr\u00e9parez-le aussi et je suis s\u00fbre que ce sera un coup de c\u0153ur d\u00e8s la premi\u00e8re bouch\u00e9e. Environ 520 Kcal par personne"}