{"version":"1.0","provider_name":"Recettes d\u00e9licieuses","provider_url":"https:\/\/www.gzrecipes.com\/fr","author_name":"pelledipollo","author_url":"https:\/\/www.gzrecipes.com\/fr\/author\/pelledipollo\/","title":"P\u00e2tes aux f\u00e8ves et \u00e0 la ricotta - Recettes d\u00e9licieuses","type":"rich","width":600,"height":338,"html":"<blockquote class=\"wp-embedded-content\" data-secret=\"ZcGW9q1k9d\"><a href=\"https:\/\/www.gzrecipes.com\/fr\/pelledipollo\/pates-aux-feves-et-a-la-ricotta\/\">P\u00e2tes aux f\u00e8ves et \u00e0 la ricotta<\/a><\/blockquote><iframe sandbox=\"allow-scripts\" security=\"restricted\" src=\"https:\/\/www.gzrecipes.com\/fr\/pelledipollo\/pates-aux-feves-et-a-la-ricotta\/embed\/#?secret=ZcGW9q1k9d\" width=\"600\" height=\"338\" title=\"\u00ab\u00a0P\u00e2tes aux f\u00e8ves et \u00e0 la ricotta\u00a0\u00bb &#8212; Recettes d\u00e9licieuses\" data-secret=\"ZcGW9q1k9d\" frameborder=\"0\" marginwidth=\"0\" marginheight=\"0\" scrolling=\"no\" class=\"wp-embedded-content\"><\/iframe><script>\n\/*! This file is auto-generated *\/\n!function(d,l){\"use strict\";l.querySelector&&d.addEventListener&&\"undefined\"!=typeof URL&&(d.wp=d.wp||{},d.wp.receiveEmbedMessage||(d.wp.receiveEmbedMessage=function(e){var t=e.data;if((t||t.secret||t.message||t.value)&&!\/[^a-zA-Z0-9]\/.test(t.secret)){for(var s,r,n,a=l.querySelectorAll('iframe[data-secret=\"'+t.secret+'\"]'),o=l.querySelectorAll('blockquote[data-secret=\"'+t.secret+'\"]'),c=new RegExp(\"^https?:$\",\"i\"),i=0;i<o.length;i++)o[i].style.display=\"none\";for(i=0;i<a.length;i++)s=a[i],e.source===s.contentWindow&&(s.removeAttribute(\"style\"),\"height\"===t.message?(1e3<(r=parseInt(t.value,10))?r=1e3:~~r<200&&(r=200),s.height=r):\"link\"===t.message&&(r=new URL(s.getAttribute(\"src\")),n=new URL(t.value),c.test(n.protocol))&&n.host===r.host&&l.activeElement===s&&(d.top.location.href=t.value))}},d.addEventListener(\"message\",d.wp.receiveEmbedMessage,!1),l.addEventListener(\"DOMContentLoaded\",function(){for(var e,t,s=l.querySelectorAll(\"iframe.wp-embedded-content\"),r=0;r<s.length;r++)(t=(e=s[r]).getAttribute(\"data-secret\"))||(t=Math.random().toString(36).substring(2,12),e.src+=\"#?secret=\"+t,e.setAttribute(\"data-secret\",t)),e.contentWindow.postMessage({message:\"ready\",secret:t},\"*\")},!1)))}(window,document);\n<\/script>\n","thumbnail_url":"https:\/\/www.gzrecipes.com\/content\/uploads\/sites\/4\/2026\/04\/pates_feves_ricotta1-7-69ef560cdd0a72-39356244.jpg","thumbnail_width":1200,"thumbnail_height":800,"description":"Les p\u00e2tes aux f\u00e8ves et \u00e0 la ricotta sont un plat principal frais et d\u00e9licat, parfait pour la saison printani\u00e8re. Pr\u00e9par\u00e9es avec des f\u00e8ves fra\u00eeches, une cr\u00e8me de ricotta onctueuse et parfum\u00e9e, du zeste de citron et quelques feuilles de menthe, c'est une recette qui s\u00e9duit par sa simplicit\u00e9 et sa l\u00e9g\u00e8ret\u00e9. Un plat cr\u00e9meux mais \u00e9quilibr\u00e9, o\u00f9 se rencontrent la douceur des f\u00e8ves, l'onctuosit\u00e9 de la ricotta et la note acidul\u00e9e et fra\u00eeche du citron et de la menthe. Facile et rapide \u00e0 r\u00e9aliser, c'est la solution id\u00e9ale quand vous voulez mettre sur la table quelque chose de savoureux mais l\u00e9ger, sans renoncer aux parfums et aux couleurs du printemps. Pr\u00e9parez la recette et laissez-vous s\u00e9duire par ce plat simple et plein de fra\u00eecheur ! [...]"}